{"id":2650,"date":"2026-03-13T00:45:04","date_gmt":"2026-03-13T00:45:04","guid":{"rendered":"https:\/\/villageviking.com\/?post_type=product&#038;p=2650"},"modified":"2026-03-17T21:41:56","modified_gmt":"2026-03-17T21:41:56","slug":"tente-viking-double-le-sanctuaire-du-dieu-odin","status":"publish","type":"product","link":"https:\/\/villageviking.com\/en\/product\/tente-viking-double-le-sanctuaire-du-dieu-odin\/","title":{"rendered":"Tente Viking double &#8220;Le sanctuaire du dieu Odin&#8221;"},"content":{"rendered":"<h3 data-section-id=\"1nzxt7y\" data-start=\"0\" data-end=\"38\">Tente double \u2013 S\u00e9jour en campement<\/h3>\n<p data-start=\"753\" data-end=\"1021\">Passez la nuit dans l\u2019une de nos <strong data-start=\"786\" data-end=\"804\">tentes doubles<\/strong>, install\u00e9es au c\u0153ur du campement. Inspir\u00e9 des abris utilis\u00e9s lors des voyages et des exp\u00e9ditions nordiques, cet espace plus vaste permet d\u2019accueillir familles et petits groupes tout en offrant le confort essentiel.<\/p>\n<p data-start=\"1023\" data-end=\"1171\">Cette tente est id\u00e9ale pour <strong data-start=\"1051\" data-end=\"1168\">deux familles souhaitant vivre l\u2019exp\u00e9rience ensemble, un cercle d\u2019amis, un groupe de loisir ou une grande famille<\/strong>.<\/p>\n<p data-start=\"1173\" data-end=\"1290\">L\u2019am\u00e9nagement conserve l\u2019atmosph\u00e8re des campements d\u2019autrefois, rythm\u00e9s par la vie au grand air et la chaleur du feu.<\/p>\n<p data-start=\"258\" data-end=\"287\">Chaque tente est \u00e9quip\u00e9e de :<\/p>\n<ul data-start=\"289\" data-end=\"462\">\n<li data-section-id=\"w788h4\" data-start=\"289\" data-end=\"307\">\n<p data-start=\"291\" data-end=\"307\"><strong data-start=\"291\" data-end=\"307\">un lit queen<\/strong><\/p>\n<\/li>\n<li data-section-id=\"1bncdw6\" data-start=\"308\" data-end=\"336\">\n<p data-start=\"310\" data-end=\"336\"><strong data-start=\"310\" data-end=\"336\">une table et des bancs<\/strong><\/p>\n<\/li>\n<li data-section-id=\"8nqciz\" data-start=\"337\" data-end=\"383\">\n<p data-start=\"339\" data-end=\"383\"><strong data-start=\"339\" data-end=\"383\">des ustensiles et accessoires de cuisson<\/strong><\/p>\n<\/li>\n<li data-section-id=\"2lrync\" data-start=\"384\" data-end=\"422\">\n<p data-start=\"386\" data-end=\"422\"><strong data-start=\"386\" data-end=\"422\">un emplacement de feu individuel<\/strong><\/p>\n<\/li>\n<li data-section-id=\"1tuhv8t\" data-start=\"423\" data-end=\"462\">\n<p data-start=\"425\" data-end=\"462\"><strong data-start=\"425\" data-end=\"462\">un tr\u00e9pied pour la cuisson au feu<\/strong><\/p>\n<\/li>\n<\/ul>\n<p data-start=\"464\" data-end=\"536\">Vous aurez \u00e9galement acc\u00e8s aux <strong data-start=\"495\" data-end=\"534\">installations communes du campement<\/strong> :<\/p>\n<ul data-start=\"538\" data-end=\"636\">\n<li data-section-id=\"14h6lq0\" data-start=\"538\" data-end=\"555\">\n<p data-start=\"540\" data-end=\"555\"><strong data-start=\"540\" data-end=\"555\">eau potable<\/strong><\/p>\n<\/li>\n<li data-section-id=\"reo74k\" data-start=\"556\" data-end=\"577\">\n<p data-start=\"558\" data-end=\"577\"><strong data-start=\"558\" data-end=\"577\">cuisine commune<\/strong><\/p>\n<\/li>\n<li data-section-id=\"z5bkk3\" data-start=\"578\" data-end=\"604\">\n<p data-start=\"580\" data-end=\"604\"><strong data-start=\"580\" data-end=\"604\">grand auvent partag\u00e9<\/strong><\/p>\n<\/li>\n<li data-section-id=\"1b2l2dl\" data-start=\"605\" data-end=\"636\">\n<p data-start=\"607\" data-end=\"636\"><strong data-start=\"607\" data-end=\"636\">emplacement de feu commun<\/strong><\/p>\n<\/li>\n<\/ul>\n<p data-start=\"638\" data-end=\"707\">Des <strong data-start=\"642\" data-end=\"655\">toilettes<\/strong> sont situ\u00e9es \u00e0 <strong data-start=\"671\" data-end=\"706\">moins de deux minutes de marche<\/strong>.<\/p>\n<p data-start=\"709\" data-end=\"754\">La tente peut accueillir 4<strong data-start=\"734\" data-end=\"753\"> \u00e0 6 personnes<\/strong>.<\/p>\n<hr data-start=\"756\" data-end=\"759\" \/>\n<h3 data-section-id=\"17tmieb\" data-start=\"761\" data-end=\"793\">\u00c0 apporter pour votre s\u00e9jour<\/h3>\n<p data-start=\"795\" data-end=\"850\">Pour votre confort, nous vous recommandons d\u2019apporter :<\/p>\n<ul data-start=\"852\" data-end=\"1222\">\n<li data-section-id=\"4hyjir\" data-start=\"852\" data-end=\"907\">\n<p data-start=\"854\" data-end=\"907\"><strong data-start=\"854\" data-end=\"865\">literie<\/strong> (draps, sac de couchage, oreillers, etc.)<\/p>\n<\/li>\n<li data-section-id=\"v02o4y\" data-start=\"908\" data-end=\"956\">\n<p data-start=\"910\" data-end=\"956\"><strong data-start=\"910\" data-end=\"938\">nourriture et provisions<\/strong> pour votre s\u00e9jour<\/p>\n<\/li>\n<li data-section-id=\"1ej7zts\" data-start=\"957\" data-end=\"1107\">\n<p data-start=\"959\" data-end=\"1107\"><strong data-start=\"959\" data-end=\"998\">articles pour laver votre vaisselle<\/strong><br data-start=\"998\" data-end=\"1001\" \/><em data-start=\"1003\" data-end=\"1051\">(savon biod\u00e9gradable, linge \u00e0 vaisselle, etc.)<\/em><br data-start=\"1051\" data-end=\"1054\" \/>Une <strong data-start=\"1060\" data-end=\"1081\">station de lavage<\/strong> est disponible sur place.<\/p>\n<\/li>\n<li data-section-id=\"1ymqpi4\" data-start=\"1108\" data-end=\"1140\">\n<p data-start=\"1110\" data-end=\"1140\"><strong data-start=\"1110\" data-end=\"1140\">lampe de poche ou lanterne<\/strong><\/p>\n<\/li>\n<li data-section-id=\"3nvoxy\" data-start=\"1141\" data-end=\"1222\">\n<p data-start=\"1143\" data-end=\"1222\"><strong data-start=\"1143\" data-end=\"1176\">lit de camp ou matelas de sol<\/strong> pour les personnes ne dormant pas dans le lit<\/p>\n<\/li>\n<\/ul>\n<hr data-start=\"1224\" data-end=\"1227\" \/>\n<h3 data-section-id=\"1whd1zp\" data-start=\"1229\" data-end=\"1255\">Informations pratiques<\/h3>\n<ul data-start=\"1257\" data-end=\"1443\">\n<li data-section-id=\"qzi885\" data-start=\"1257\" data-end=\"1322\">\n<p data-start=\"1259\" data-end=\"1322\">Le <strong data-start=\"1262\" data-end=\"1281\">r\u00e9seau LTE \/ 5G<\/strong> est g\u00e9n\u00e9ralement accessible sur le site.<\/p>\n<\/li>\n<li data-section-id=\"3sbrig\" data-start=\"1323\" data-end=\"1443\">\n<p data-start=\"1325\" data-end=\"1443\">Des <strong data-start=\"1329\" data-end=\"1370\">chariots sont mis \u00e0 votre disposition<\/strong> pour transporter vos effets entre le stationnement et votre emplacement.<\/p>\n<\/li>\n<\/ul>\n<hr data-start=\"1445\" data-end=\"1448\" \/>\n<p data-start=\"1450\" data-end=\"1542\">* <strong data-start=\"1453\" data-end=\"1542\">Images \u00e0 titre indicatif. L\u2019am\u00e9nagement peut varier l\u00e9g\u00e8rement d\u2019une tente \u00e0 l\u2019autre.<\/strong><\/p>\n","protected":false},"excerpt":{"rendered":"<p><!-- wp:heading {\"level\":3,\"fontFamily\":\"Barlow Condensed\"} --><\/p>\n<h3 class=\"wp-block-heading has-barlow-condensed-font-family has-custom-font\" style=\"text-align: center;\"><em>Odin<\/em><\/h3>\n<h3 class=\"wp-block-heading has-barlow-condensed-font-family has-custom-font\" style=\"text-align: center;\"><span style=\"font-family: 'Nunito Sans', sans-serif; font-size: 16.8px;\">Le P\u00e8re de Tout. Dieu de la sagesse, de la guerre et de la mort. Odin r\u00e8gne sur Asgard et sacrifia un \u0153il pour acc\u00e9der au savoir. Mystique et puissant, il incarne le respect et la strat\u00e9gie.<\/span><\/h3>\n<p style=\"text-align: center;\"><!-- \/wp:list-item --> <!-- wp:list-item --><\/p>\n<p style=\"text-align: center;\"><strong>De son tr\u00f4ne \u00e0 Asgard, Odin voit tout.<\/strong> Sa tente est situ\u00e9e <strong>au centre du campement<\/strong>, pr\u00e8s du <strong>grand feu de joie<\/strong> et de l\u2019auvent central, l\u00e0 o\u00f9 convergent les guerriers, les conteurs et les c\u00e9l\u00e9brations. Un lieu de commandement et de communion.<\/p>\n<p><!-- \/wp:list-item --><\/p>\n<p><!-- \/wp:list --><\/p>\n<p><!-- wp:image {\"id\":2176,\"width\":\"672px\",\"height\":\"auto\",\"sizeSlug\":\"full\",\"linkDestination\":\"none\"} --><\/p>\n<figure class=\"wp-block-image size-full is-resized\"><img loading=\"lazy\" decoding=\"async\" class=\"wp-image-2804 size-medium aligncenter\" src=\"http:\/\/villageviking.com\/wp-content\/uploads\/2026\/03\/separateur3-300x28.png\" alt=\"\" width=\"300\" height=\"28\" srcset=\"https:\/\/villageviking.com\/wp-content\/uploads\/2026\/03\/separateur3-300x28.png 300w, https:\/\/villageviking.com\/wp-content\/uploads\/2026\/03\/separateur3-scaled-600x56.png 600w, https:\/\/villageviking.com\/wp-content\/uploads\/2026\/03\/separateur3-1024x95.png 1024w, https:\/\/villageviking.com\/wp-content\/uploads\/2026\/03\/separateur3-768x72.png 768w, https:\/\/villageviking.com\/wp-content\/uploads\/2026\/03\/separateur3-1536x143.png 1536w, https:\/\/villageviking.com\/wp-content\/uploads\/2026\/03\/separateur3-2048x191.png 2048w, https:\/\/villageviking.com\/wp-content\/uploads\/2026\/03\/separateur3-100x9.png 100w\" sizes=\"auto, (max-width: 300px) 100vw, 300px\" \/><\/figure>\n<p><!-- \/wp:image --><\/p>\n<p style=\"text-align: center;\">S\u00e9lectionnez votre date d&#8217;arriv\u00e9e ainsi que la date de votre derni\u00e8re nuit\u00e9e.<\/p>\n<p style=\"text-align: center;\"><em>Exemple: Vous voulez dormir les nuits des 3, 4, 5 et 6 juin. Votre d\u00e9part sera donc le 7 juin. Vous s\u00e9lectionnez donc du 3 au 6 juin sur le calendrier.<\/em><\/p>\n<p style=\"text-align: center;\">Heure d&#8217;arriv\u00e9: de 16h30 \u00e0 22h00<br \/>\nHeure de d\u00e9part: 11h00<\/p>\n","protected":false},"featured_media":2651,"comment_status":"open","ping_status":"closed","template":"","meta":{"_coblocks_attr":"","_coblocks_dimensions":"","_coblocks_responsive_height":"","_coblocks_accordion_ie_support":""},"product_brand":[],"product_cat":[50],"product_tag":[],"class_list":{"0":"post-2650","1":"product","2":"type-product","3":"status-publish","4":"has-post-thumbnail","6":"product_cat-tente-en-location","8":"first","9":"instock","10":"virtual","11":"sold-individually","12":"taxable","13":"purchasable","14":"product-type-booking"},"booking_location":"","booking_location_type":"","booking_duration":1,"booking_duration_unit":"day","booking_buffer":0,"booking_cost":0,"booking_resources":[],"exclude_global_add_ons":[],"addons":[],"yoast_head":"<!-- This site is optimized with the Yoast SEO plugin v27.5 - https:\/\/yoast.com\/product\/yoast-seo-wordpress\/ -->\n<title>Tente Viking double &quot;Le sanctuaire du dieu Odin&quot;<\/title>\n<meta name=\"description\" content=\"Dormez dans une tente viking \u00e0 Saint-Sim\u00e9on, Charlevoix. Exp\u00e9rience pr\u00eat-\u00e0-camper unique dans un v\u00e9ritable village viking.\" \/>\n<meta name=\"robots\" content=\"index, follow, max-snippet:-1, max-image-preview:large, max-video-preview:-1\" \/>\n<link rel=\"canonical\" href=\"https:\/\/villageviking.com\/en\/product\/tente-viking-double-le-sanctuaire-du-dieu-odin\/\" \/>\n<meta property=\"og:locale\" content=\"en_US\" \/>\n<meta property=\"og:locale:alternate\" content=\"fr_FR\" \/>\n<meta property=\"og:type\" content=\"article\" \/>\n<meta property=\"og:title\" content=\"Tente Viking double &quot;Le sanctuaire du dieu Odin&quot;\" \/>\n<meta property=\"og:description\" content=\"Dormez dans une tente viking \u00e0 Saint-Sim\u00e9on, Charlevoix. Exp\u00e9rience pr\u00eat-\u00e0-camper unique dans un v\u00e9ritable village viking.\" \/>\n<meta property=\"og:url\" content=\"https:\/\/villageviking.com\/en\/product\/tente-viking-double-le-sanctuaire-du-dieu-odin\/\" \/>\n<meta property=\"og:site_name\" content=\"Village Viking H\u00f3p\" \/>\n<meta property=\"article:publisher\" content=\"https:\/\/www.facebook.com\/profile.php?id=100083109181728\" \/>\n<meta property=\"article:modified_time\" content=\"2026-03-17T21:41:56+00:00\" \/>\n<meta name=\"twitter:card\" content=\"summary_large_image\" \/>\n<meta name=\"twitter:label1\" content=\"Est. reading time\" \/>\n\t<meta name=\"twitter:data1\" content=\"2 minutes\" \/>\n<script type=\"application\/ld+json\" class=\"yoast-schema-graph\">{\"@context\":\"https:\\\/\\\/schema.org\",\"@graph\":[{\"@type\":\"WebPage\",\"@id\":\"https:\\\/\\\/villageviking.com\\\/product\\\/tente-viking-double-le-sanctuaire-du-dieu-odin\\\/\",\"url\":\"https:\\\/\\\/villageviking.com\\\/product\\\/tente-viking-double-le-sanctuaire-du-dieu-odin\\\/\",\"name\":\"Tente Viking double \\\"Le sanctuaire du dieu Odin\\\"\",\"isPartOf\":{\"@id\":\"https:\\\/\\\/villageviking.com\\\/#website\"},\"primaryImageOfPage\":{\"@id\":\"https:\\\/\\\/villageviking.com\\\/product\\\/tente-viking-double-le-sanctuaire-du-dieu-odin\\\/#primaryimage\"},\"image\":{\"@id\":\"https:\\\/\\\/villageviking.com\\\/product\\\/tente-viking-double-le-sanctuaire-du-dieu-odin\\\/#primaryimage\"},\"thumbnailUrl\":\"https:\\\/\\\/villageviking.com\\\/wp-content\\\/uploads\\\/2026\\\/03\\\/Odin.avif\",\"datePublished\":\"2026-03-13T00:45:04+00:00\",\"dateModified\":\"2026-03-17T21:41:56+00:00\",\"description\":\"Dormez dans une tente viking \u00e0 Saint-Sim\u00e9on, Charlevoix. Exp\u00e9rience pr\u00eat-\u00e0-camper unique dans un v\u00e9ritable village viking.\",\"breadcrumb\":{\"@id\":\"https:\\\/\\\/villageviking.com\\\/product\\\/tente-viking-double-le-sanctuaire-du-dieu-odin\\\/#breadcrumb\"},\"inLanguage\":\"en-US\",\"potentialAction\":[{\"@type\":\"ReadAction\",\"target\":[\"https:\\\/\\\/villageviking.com\\\/product\\\/tente-viking-double-le-sanctuaire-du-dieu-odin\\\/\"]}]},{\"@type\":\"ImageObject\",\"inLanguage\":\"en-US\",\"@id\":\"https:\\\/\\\/villageviking.com\\\/product\\\/tente-viking-double-le-sanctuaire-du-dieu-odin\\\/#primaryimage\",\"url\":\"https:\\\/\\\/villageviking.com\\\/wp-content\\\/uploads\\\/2026\\\/03\\\/Odin.avif\",\"contentUrl\":\"https:\\\/\\\/villageviking.com\\\/wp-content\\\/uploads\\\/2026\\\/03\\\/Odin.avif\",\"width\":720,\"height\":540},{\"@type\":\"BreadcrumbList\",\"@id\":\"https:\\\/\\\/villageviking.com\\\/product\\\/tente-viking-double-le-sanctuaire-du-dieu-odin\\\/#breadcrumb\",\"itemListElement\":[{\"@type\":\"ListItem\",\"position\":1,\"name\":\"Accueil\",\"item\":\"https:\\\/\\\/villageviking.com\\\/\"},{\"@type\":\"ListItem\",\"position\":2,\"name\":\"Boutique\",\"item\":\"https:\\\/\\\/villageviking.com\\\/boutique\\\/\"},{\"@type\":\"ListItem\",\"position\":3,\"name\":\"Tente Viking double \u00ab\u00a0Le sanctuaire du dieu Odin\u00a0\u00bb\"}]},{\"@type\":\"WebSite\",\"@id\":\"https:\\\/\\\/villageviking.com\\\/#website\",\"url\":\"https:\\\/\\\/villageviking.com\\\/\",\"name\":\"Village Viking H\u00f3p\",\"description\":\"\",\"publisher\":{\"@id\":\"https:\\\/\\\/villageviking.com\\\/#organization\"},\"potentialAction\":[{\"@type\":\"SearchAction\",\"target\":{\"@type\":\"EntryPoint\",\"urlTemplate\":\"https:\\\/\\\/villageviking.com\\\/?s={search_term_string}\"},\"query-input\":{\"@type\":\"PropertyValueSpecification\",\"valueRequired\":true,\"valueName\":\"search_term_string\"}}],\"inLanguage\":\"en-US\"},{\"@type\":\"Organization\",\"@id\":\"https:\\\/\\\/villageviking.com\\\/#organization\",\"name\":\"Village Viking H\u00f3p\",\"alternateName\":\"Village Viking\",\"url\":\"https:\\\/\\\/villageviking.com\\\/\",\"logo\":{\"@type\":\"ImageObject\",\"inLanguage\":\"en-US\",\"@id\":\"https:\\\/\\\/villageviking.com\\\/#\\\/schema\\\/logo\\\/image\\\/\",\"url\":\"https:\\\/\\\/villageviking.com\\\/wp-content\\\/uploads\\\/2023\\\/01\\\/cropped-Logotype_HOP_noir_.png\",\"contentUrl\":\"https:\\\/\\\/villageviking.com\\\/wp-content\\\/uploads\\\/2023\\\/01\\\/cropped-Logotype_HOP_noir_.png\",\"width\":2103,\"height\":1062,\"caption\":\"Village Viking H\u00f3p\"},\"image\":{\"@id\":\"https:\\\/\\\/villageviking.com\\\/#\\\/schema\\\/logo\\\/image\\\/\"},\"sameAs\":[\"https:\\\/\\\/www.facebook.com\\\/profile.php?id=100083109181728\",\"https:\\\/\\\/www.instagram.com\\\/hop_viking_village\\\/\",\"https:\\\/\\\/www.tiktok.com\\\/@villagevikinghop\"]}]}<\/script>\n<!-- \/ Yoast SEO plugin. -->","yoast_head_json":{"title":"Tente Viking double \"Le sanctuaire du dieu Odin\"","description":"Dormez dans une tente viking \u00e0 Saint-Sim\u00e9on, Charlevoix. Exp\u00e9rience pr\u00eat-\u00e0-camper unique dans un v\u00e9ritable village viking.","robots":{"index":"index","follow":"follow","max-snippet":"max-snippet:-1","max-image-preview":"max-image-preview:large","max-video-preview":"max-video-preview:-1"},"canonical":"https:\/\/villageviking.com\/en\/product\/tente-viking-double-le-sanctuaire-du-dieu-odin\/","og_locale":"en_US","og_type":"article","og_title":"[:fr]Tente Viking double \"Le sanctuaire du dieu Odin\"[:] - Village Viking H\u00f3p","og_description":"[:fr]Dormez dans une tente viking \u00e0 Saint-Sim\u00e9on, Charlevoix. Exp\u00e9rience pr\u00eat-\u00e0-camper unique dans un v\u00e9ritable village viking.[:]","og_url":"https:\/\/villageviking.com\/en\/product\/tente-viking-double-le-sanctuaire-du-dieu-odin\/","og_site_name":"Village Viking H\u00f3p","article_publisher":"https:\/\/www.facebook.com\/profile.php?id=100083109181728","article_modified_time":"2026-03-17T21:41:56+00:00","twitter_card":"summary_large_image","twitter_misc":{"Est. reading time":"2 minutes"},"schema":{"@context":"https:\/\/schema.org","@graph":[{"@type":"WebPage","@id":"https:\/\/villageviking.com\/product\/tente-viking-double-le-sanctuaire-du-dieu-odin\/","url":"https:\/\/villageviking.com\/product\/tente-viking-double-le-sanctuaire-du-dieu-odin\/","name":"Tente Viking double \"Le sanctuaire du dieu Odin\"","isPartOf":{"@id":"https:\/\/villageviking.com\/#website"},"primaryImageOfPage":{"@id":"https:\/\/villageviking.com\/product\/tente-viking-double-le-sanctuaire-du-dieu-odin\/#primaryimage"},"image":{"@id":"https:\/\/villageviking.com\/product\/tente-viking-double-le-sanctuaire-du-dieu-odin\/#primaryimage"},"thumbnailUrl":"https:\/\/villageviking.com\/wp-content\/uploads\/2026\/03\/Odin.avif","datePublished":"2026-03-13T00:45:04+00:00","dateModified":"2026-03-17T21:41:56+00:00","description":"Dormez dans une tente viking \u00e0 Saint-Sim\u00e9on, Charlevoix. Exp\u00e9rience pr\u00eat-\u00e0-camper unique dans un v\u00e9ritable village viking.","breadcrumb":{"@id":"https:\/\/villageviking.com\/product\/tente-viking-double-le-sanctuaire-du-dieu-odin\/#breadcrumb"},"inLanguage":"en-US","potentialAction":[{"@type":"ReadAction","target":["https:\/\/villageviking.com\/product\/tente-viking-double-le-sanctuaire-du-dieu-odin\/"]}]},{"@type":"ImageObject","inLanguage":"en-US","@id":"https:\/\/villageviking.com\/product\/tente-viking-double-le-sanctuaire-du-dieu-odin\/#primaryimage","url":"https:\/\/villageviking.com\/wp-content\/uploads\/2026\/03\/Odin.avif","contentUrl":"https:\/\/villageviking.com\/wp-content\/uploads\/2026\/03\/Odin.avif","width":720,"height":540},{"@type":"BreadcrumbList","@id":"https:\/\/villageviking.com\/product\/tente-viking-double-le-sanctuaire-du-dieu-odin\/#breadcrumb","itemListElement":[{"@type":"ListItem","position":1,"name":"Accueil","item":"https:\/\/villageviking.com\/"},{"@type":"ListItem","position":2,"name":"Boutique","item":"https:\/\/villageviking.com\/boutique\/"},{"@type":"ListItem","position":3,"name":"Tente Viking double \u00ab\u00a0Le sanctuaire du dieu Odin\u00a0\u00bb"}]},{"@type":"WebSite","@id":"https:\/\/villageviking.com\/#website","url":"https:\/\/villageviking.com\/","name":"Village Viking H\u00f3p","description":"","publisher":{"@id":"https:\/\/villageviking.com\/#organization"},"potentialAction":[{"@type":"SearchAction","target":{"@type":"EntryPoint","urlTemplate":"https:\/\/villageviking.com\/?s={search_term_string}"},"query-input":{"@type":"PropertyValueSpecification","valueRequired":true,"valueName":"search_term_string"}}],"inLanguage":"en-US"},{"@type":"Organization","@id":"https:\/\/villageviking.com\/#organization","name":"Village Viking H\u00f3p","alternateName":"Village Viking","url":"https:\/\/villageviking.com\/","logo":{"@type":"ImageObject","inLanguage":"en-US","@id":"https:\/\/villageviking.com\/#\/schema\/logo\/image\/","url":"https:\/\/villageviking.com\/wp-content\/uploads\/2023\/01\/cropped-Logotype_HOP_noir_.png","contentUrl":"https:\/\/villageviking.com\/wp-content\/uploads\/2023\/01\/cropped-Logotype_HOP_noir_.png","width":2103,"height":1062,"caption":"Village Viking H\u00f3p"},"image":{"@id":"https:\/\/villageviking.com\/#\/schema\/logo\/image\/"},"sameAs":["https:\/\/www.facebook.com\/profile.php?id=100083109181728","https:\/\/www.instagram.com\/hop_viking_village\/","https:\/\/www.tiktok.com\/@villagevikinghop"]}]}},"jetpack_sharing_enabled":true,"_links":{"self":[{"href":"https:\/\/villageviking.com\/en\/wp-json\/wp\/v2\/product\/2650","targetHints":{"allow":["GET"]}}],"collection":[{"href":"https:\/\/villageviking.com\/en\/wp-json\/wp\/v2\/product"}],"about":[{"href":"https:\/\/villageviking.com\/en\/wp-json\/wp\/v2\/types\/product"}],"replies":[{"embeddable":true,"href":"https:\/\/villageviking.com\/en\/wp-json\/wp\/v2\/comments?post=2650"}],"wp:featuredmedia":[{"embeddable":true,"href":"https:\/\/villageviking.com\/en\/wp-json\/wp\/v2\/media\/2651"}],"wp:attachment":[{"href":"https:\/\/villageviking.com\/en\/wp-json\/wp\/v2\/media?parent=2650"}],"wp:term":[{"taxonomy":"product_brand","embeddable":true,"href":"https:\/\/villageviking.com\/en\/wp-json\/wp\/v2\/product_brand?post=2650"},{"taxonomy":"product_cat","embeddable":true,"href":"https:\/\/villageviking.com\/en\/wp-json\/wp\/v2\/product_cat?post=2650"},{"taxonomy":"product_tag","embeddable":true,"href":"https:\/\/villageviking.com\/en\/wp-json\/wp\/v2\/product_tag?post=2650"}],"curies":[{"name":"wp","href":"https:\/\/api.w.org\/{rel}","templated":true}]}}